{"id":1512,"date":"2021-01-16T01:28:56","date_gmt":"2021-01-16T01:28:56","guid":{"rendered":"http:\/\/ficto.com.ec\/ficto\/?post_type=portfolio&#038;p=1512"},"modified":"2025-04-12T20:56:00","modified_gmt":"2025-04-12T20:56:00","slug":"palatu-diseno-de-cafeteria","status":"publish","type":"portfolio","link":"http:\/\/ficto.com.ec\/ficto\/portfolio\/palatu-diseno-de-cafeteria\/","title":{"rendered":"Palatu. Dise\u00f1o de cafeter\u00eda"},"content":{"rendered":"\t\t<div data-elementor-type=\"wp-post\" data-elementor-id=\"1512\" class=\"elementor elementor-1512\">\n\t\t\t\t\t\t<section class=\"elementor-section elementor-top-section elementor-element elementor-element-1cc6e3c wrapper-fuller elementor-section-full_width elementor-section-height-default elementor-section-height-default\" data-id=\"1cc6e3c\" data-element_type=\"section\" data-e-type=\"section\">\n\t\t\t\t\t\t<div class=\"elementor-container elementor-column-gap-default\">\n\t\t\t\t\t<div class=\"elementor-column elementor-col-50 elementor-top-column elementor-element elementor-element-c8a9138\" data-id=\"c8a9138\" data-element_type=\"column\" data-e-type=\"column\">\n\t\t\t<div class=\"elementor-widget-wrap elementor-element-populated\">\n\t\t\t\t\t\t<div class=\"elementor-element elementor-element-b52e351 elementor-widget elementor-widget-aliothsingleimage\" data-id=\"b52e351\" data-element_type=\"widget\" data-e-type=\"widget\" data-widget_type=\"aliothsingleimage.default\">\n\t\t\t\t<div class=\"elementor-widget-container\">\n\t\t\t\t\t\n<!--Single Image-->\n<div  class=\"single-image center\">\n\n    \n    <img data-recalc-dims=\"1\" decoding=\"async\" class=\"has-anim\" data-animation=\"slideLeft\" data-duration=\"1.5\" data-delay=\"0\" data-color=\"\" alt=\"dise\u00f1o de cafeterias, dise\u00f1o cafeteria quito, dise\u00f1o cafeteria ecuador\" src=\"https:\/\/i0.wp.com\/ficto.com.ec\/ficto\/wp-content\/uploads\/2021\/01\/palatu_web01.jpg?w=640\">\n\n    \n<\/div>\n<!--\/Single Image-->\n\n\n\t\t\t\t<\/div>\n\t\t\t\t<\/div>\n\t\t\t\t\t<\/div>\n\t\t<\/div>\n\t\t\t\t<div class=\"elementor-column elementor-col-50 elementor-top-column elementor-element elementor-element-c1bcac0\" data-id=\"c1bcac0\" data-element_type=\"column\" data-e-type=\"column\">\n\t\t\t<div class=\"elementor-widget-wrap\">\n\t\t\t\t\t\t\t<\/div>\n\t\t<\/div>\n\t\t\t\t\t<\/div>\n\t\t<\/section>\n\t\t\t\t<section class=\"elementor-section elementor-top-section elementor-element elementor-element-fbb1aee wrapper-wide elementor-section-boxed elementor-section-height-default elementor-section-height-default\" data-id=\"fbb1aee\" data-element_type=\"section\" data-e-type=\"section\">\n\t\t\t\t\t\t<div class=\"elementor-container elementor-column-gap-default\">\n\t\t\t\t\t<div class=\"elementor-column elementor-col-33 elementor-top-column elementor-element elementor-element-10b2901\" data-id=\"10b2901\" data-element_type=\"column\" data-e-type=\"column\">\n\t\t\t<div class=\"elementor-widget-wrap\">\n\t\t\t\t\t\t\t<\/div>\n\t\t<\/div>\n\t\t\t\t<div class=\"elementor-column elementor-col-66 elementor-top-column elementor-element elementor-element-825c884\" data-id=\"825c884\" data-element_type=\"column\" data-e-type=\"column\">\n\t\t\t<div class=\"elementor-widget-wrap elementor-element-populated\">\n\t\t\t\t\t\t<div class=\"elementor-element elementor-element-666c1e5 elementor-widget elementor-widget-aliothtextwrapper\" data-id=\"666c1e5\" data-element_type=\"widget\" data-e-type=\"widget\" data-widget_type=\"aliothtextwrapper.default\">\n\t\t\t\t<div class=\"elementor-widget-container\">\n\t\t\t\t\t\n\n<div class=\"text-wrapper align-left\">\n\n    <h3 class=\"has-anim\" data-animation=\"linesUp\" data-duration=\"1.5\" data-delay=\"0.1\" data-stagger=\"0.1\">Hay momentos en los que Quito se llena de bullicio, como en cualquier otra gran ciudad del mundo. La prisa y la energ\u00eda de ir de un lado a otro son constantes. Afortunadamente, existen cafeter\u00edas que nos sacan de esa rutina. Y con mucha fortuna para nosotros, tuvimos el encargo del dise\u00f1o de una cafeter\u00eda en Quito. <\/br>\nPalatu est\u00e1 muy bien ubicada en la zona de negocios de la ciudad. Logramos convertirla en un oasis de aromas y sabores. Esto se logra gracias a Pablo Puente y su familia, quienes ofrecen uno de los mejores granos de caf\u00e9 de Ecuador. Su enfoque en la calidad y la sostenibilidad ha hecho que esta cafeter\u00eda se gane una reputaci\u00f3n como el lugar preferido de los verdaderos conocedores del caf\u00e9.\n<\/h3>\n<\/div>\n\n\n\t\t\t\t<\/div>\n\t\t\t\t<\/div>\n\t\t\t\t<div class=\"elementor-element elementor-element-a0871db elementor-widget elementor-widget-aliothsingleimage\" data-id=\"a0871db\" data-element_type=\"widget\" data-e-type=\"widget\" data-widget_type=\"aliothsingleimage.default\">\n\t\t\t\t<div class=\"elementor-widget-container\">\n\t\t\t\t\t\n<!--Single Image-->\n<div  class=\"single-image center\">\n\n    \n    <img data-recalc-dims=\"1\" decoding=\"async\" class=\"has-anim\" data-animation=\"slideRight\" data-duration=\"1.5\" data-delay=\"0\" data-color=\"\" alt=\"dise\u00f1o de cafeterias, dise\u00f1o cafeteria quito, dise\u00f1o cafeteria ecuador\" src=\"https:\/\/i0.wp.com\/ficto.com.ec\/ficto\/wp-content\/uploads\/2021\/01\/palatu_web04.jpg?w=640\">\n\n    \n<\/div>\n<!--\/Single Image-->\n\n\n\t\t\t\t<\/div>\n\t\t\t\t<\/div>\n\t\t\t\t\t<\/div>\n\t\t<\/div>\n\t\t\t\t\t<\/div>\n\t\t<\/section>\n\t\t\t\t<section class=\"elementor-section elementor-top-section elementor-element elementor-element-8af6da4 wrapper-smaller elementor-section-boxed elementor-section-height-default elementor-section-height-default\" data-id=\"8af6da4\" data-element_type=\"section\" data-e-type=\"section\">\n\t\t\t\t\t\t<div class=\"elementor-container elementor-column-gap-default\">\n\t\t\t\t\t<div class=\"elementor-column elementor-col-100 elementor-top-column elementor-element elementor-element-4fc54cf\" data-id=\"4fc54cf\" data-element_type=\"column\" data-e-type=\"column\">\n\t\t\t<div class=\"elementor-widget-wrap elementor-element-populated\">\n\t\t\t\t\t\t<div class=\"elementor-element elementor-element-ffd994c elementor-widget elementor-widget-aliothtextwrapper\" data-id=\"ffd994c\" data-element_type=\"widget\" data-e-type=\"widget\" data-widget_type=\"aliothtextwrapper.default\">\n\t\t\t\t<div class=\"elementor-widget-container\">\n\t\t\t\t\t\n\n<div class=\"text-wrapper align-left\">\n\n    <h3 class=\"has-anim\" data-animation=\"linesUp\" data-duration=\"1.5\" data-delay=\"0.1\" data-stagger=\"0.1\">Este dise\u00f1o de cafeter\u00eda es un homenaje a los \"coffee spots\" de las capitales del mundo. Est\u00e1 inspirado en la influencia de la ciudad de Nueva York, fusionando una est\u00e9tica moderna y sofisticada con elementos ecuatorianos que dan vida a un espacio acogedor y \u00fanico.\n<br> \nLa influencia de la Gran Manzana se refleja en la estructura industrial del local, con ladrillos expuestos y grandes ventanales que permiten que la luz natural se filtre, creando una sensaci\u00f3n de amplitud. \n<\/br>\nEl rasgo distintivo de Palatu es su color verde, inspirado en la vajilla elegida para servir su caf\u00e9. Desde las paredes hasta los objetos m\u00e1s peque\u00f1os, hemos incorporado detalles de color verde que se combinan con tonos naranjas en diferentes tonalidades, creando un ambiente fresco que recarga energ\u00edas. De ah\u00ed nace la frase \"recarga tus sentidos\", que utilizamos mucho en el programa gr\u00e1fico de Palatu. \n<br>Los muebles, cuidadosamente seleccionados, combinan comodidad y estilo contempor\u00e1neo, invitando a los clientes a relajarse y disfrutar de su experiencia.<\/h3>\n<\/div>\n\n\n\t\t\t\t<\/div>\n\t\t\t\t<\/div>\n\t\t\t\t\t<\/div>\n\t\t<\/div>\n\t\t\t\t\t<\/div>\n\t\t<\/section>\n\t\t\t\t<section class=\"elementor-section elementor-top-section elementor-element elementor-element-93d489d wrapper-wide elementor-section-boxed elementor-section-height-default elementor-section-height-default\" data-id=\"93d489d\" data-element_type=\"section\" data-e-type=\"section\">\n\t\t\t\t\t\t<div class=\"elementor-container elementor-column-gap-default\">\n\t\t\t\t\t<div class=\"elementor-column elementor-col-100 elementor-top-column elementor-element elementor-element-100fc64\" data-id=\"100fc64\" data-element_type=\"column\" data-e-type=\"column\">\n\t\t\t<div class=\"elementor-widget-wrap elementor-element-populated\">\n\t\t\t\t\t\t<div class=\"elementor-element elementor-element-af99ee3 elementor-widget elementor-widget-aliothsingleimage\" data-id=\"af99ee3\" data-element_type=\"widget\" data-e-type=\"widget\" data-widget_type=\"aliothsingleimage.default\">\n\t\t\t\t<div class=\"elementor-widget-container\">\n\t\t\t\t\t\n<!--Single Image-->\n<div  class=\"single-image center\">\n\n    \n    <img data-recalc-dims=\"1\" decoding=\"async\" class=\"has-anim\" data-animation=\"slideUp\" data-duration=\"1.5\" data-delay=\"0\" data-color=\"\" alt=\"dise\u00f1o de cafeterias, dise\u00f1o cafeteria quito, dise\u00f1o cafeteria ecuador\" src=\"https:\/\/i0.wp.com\/ficto.com.ec\/ficto\/wp-content\/uploads\/2021\/01\/palatu_web05.jpg?w=640\">\n\n    \n<\/div>\n<!--\/Single Image-->\n\n\n\t\t\t\t<\/div>\n\t\t\t\t<\/div>\n\t\t\t\t<div class=\"elementor-element elementor-element-5800028 elementor-widget elementor-widget-aliothsingleimage\" data-id=\"5800028\" data-element_type=\"widget\" data-e-type=\"widget\" data-widget_type=\"aliothsingleimage.default\">\n\t\t\t\t<div class=\"elementor-widget-container\">\n\t\t\t\t\t\n<!--Single Image-->\n<div  class=\"single-image center\">\n\n    \n    <img data-recalc-dims=\"1\" decoding=\"async\" class=\"has-anim\" data-animation=\"slideUp\" data-duration=\"1.5\" data-delay=\"0\" data-color=\"\" alt=\"\" src=\"https:\/\/i0.wp.com\/aliothwp-dark.pethemes.com\/wp-content\/uploadz\/2022\/03\/image_7-8.jpg?w=640&#038;ssl=1\">\n\n    \n<\/div>\n<!--\/Single Image-->\n\n\n\t\t\t\t<\/div>\n\t\t\t\t<\/div>\n\t\t\t\t\t<\/div>\n\t\t<\/div>\n\t\t\t\t\t<\/div>\n\t\t<\/section>\n\t\t\t\t<section class=\"elementor-section elementor-top-section elementor-element elementor-element-701c427 wrapper-wide elementor-section-boxed elementor-section-height-default elementor-section-height-default\" data-id=\"701c427\" data-element_type=\"section\" data-e-type=\"section\">\n\t\t\t\t\t\t<div class=\"elementor-container elementor-column-gap-default\">\n\t\t\t\t\t<div class=\"elementor-column elementor-col-33 elementor-top-column elementor-element elementor-element-ed06b16\" data-id=\"ed06b16\" data-element_type=\"column\" data-e-type=\"column\">\n\t\t\t<div class=\"elementor-widget-wrap elementor-element-populated\">\n\t\t\t\t\t\t<div class=\"elementor-element elementor-element-bc6eeb4 elementor-widget elementor-widget-aliothsingleimage\" data-id=\"bc6eeb4\" data-element_type=\"widget\" data-e-type=\"widget\" data-widget_type=\"aliothsingleimage.default\">\n\t\t\t\t<div class=\"elementor-widget-container\">\n\t\t\t\t\t\n<!--Single Image-->\n<div  class=\"single-image center\">\n\n    \n    <img data-recalc-dims=\"1\" decoding=\"async\"  alt=\"dise\u00f1o de cafeterias, dise\u00f1o cafeteria quito, dise\u00f1o cafeteria ecuador\" src=\"https:\/\/i0.wp.com\/ficto.com.ec\/ficto\/wp-content\/uploads\/2021\/01\/ficto_palatu.jpg?w=640\">\n\n    \n<\/div>\n<!--\/Single Image-->\n\n\n\t\t\t\t<\/div>\n\t\t\t\t<\/div>\n\t\t\t\t\t<\/div>\n\t\t<\/div>\n\t\t\t\t<div class=\"elementor-column elementor-col-66 elementor-top-column elementor-element elementor-element-47ba7b4\" data-id=\"47ba7b4\" data-element_type=\"column\" data-e-type=\"column\">\n\t\t\t<div class=\"elementor-widget-wrap elementor-element-populated\">\n\t\t\t\t\t\t<div class=\"elementor-element elementor-element-a86c4c8 elementor-widget elementor-widget-aliothtextwrapper\" data-id=\"a86c4c8\" data-element_type=\"widget\" data-e-type=\"widget\" data-widget_type=\"aliothtextwrapper.default\">\n\t\t\t\t<div class=\"elementor-widget-container\">\n\t\t\t\t\t\n\n<div class=\"text-wrapper align-left\">\n\n    <h5 class=\"has-anim\" data-animation=\"wordsUp\" data-duration=\"1\" data-delay=\"0.1\" data-stagger=\"0.02\">Palatu no es solo una cafeter\u00eda, es un lugar donde la m\u00fasica comparte el centro de atenci\u00f3n con el caf\u00e9 y los postres. Con un principal enfoque en el jazz y la electr\u00f3nica, este espacio se ha convertido en un punto de encuentro para los amantes de estos ritmos. Las noches en vivo de jazz y los sets de DJ son la banda sonora perfecta para acompa\u00f1ar un caf\u00e9, un c\u00f3ctel o un s\u00e1ndwich, creando un ambiente acogedor y estimulante.\n<\/h5>\n<\/div>\n\n\n\t\t\t\t<\/div>\n\t\t\t\t<\/div>\n\t\t\t\t<div class=\"elementor-element elementor-element-4d3e256 elementor-widget elementor-widget-aliothtextwrapper\" data-id=\"4d3e256\" data-element_type=\"widget\" data-e-type=\"widget\" data-widget_type=\"aliothtextwrapper.default\">\n\t\t\t\t<div class=\"elementor-widget-container\">\n\t\t\t\t\t\n\n<div class=\"text-wrapper align-left\">\n\n    <h5 class=\"has-anim\" data-animation=\"wordsUp\" data-duration=\"1\" data-delay=\"0.1\" data-stagger=\"0.02\">Cuando dise\u00f1amos \"Palatu, coffee spot\", no imagin\u00e1bamos que ser\u00edamos parte de una fusi\u00f3n del arte de hacer buen caf\u00e9 con la expresi\u00f3n personal. El local se ha convertido en un punto de encuentro para artistas del tatuaje, donde se realizan fiestas tem\u00e1ticas y eventos. Hay d\u00edas especiales en los que los amantes de la tinta en la piel pueden disfrutar de su caf\u00e9 favorito mientras exploran las obras de talentosos artistas e inspirarse para plasmar su creatividad en su cuerpo.\n\n<\/h5>\n<\/div>\n\n\n\t\t\t\t<\/div>\n\t\t\t\t<\/div>\n\t\t\t\t\t<\/div>\n\t\t<\/div>\n\t\t\t\t\t<\/div>\n\t\t<\/section>\n\t\t\t\t<section class=\"elementor-section elementor-top-section elementor-element elementor-element-edc19db wrapper-wide elementor-section-boxed elementor-section-height-default elementor-section-height-default\" data-id=\"edc19db\" data-element_type=\"section\" data-e-type=\"section\">\n\t\t\t\t\t\t<div class=\"elementor-container elementor-column-gap-default\">\n\t\t\t\t\t<div class=\"elementor-column elementor-col-33 elementor-top-column elementor-element elementor-element-7b8edfc\" data-id=\"7b8edfc\" data-element_type=\"column\" data-e-type=\"column\">\n\t\t\t<div class=\"elementor-widget-wrap\">\n\t\t\t\t\t\t\t<\/div>\n\t\t<\/div>\n\t\t\t\t<div class=\"elementor-column elementor-col-66 elementor-top-column elementor-element elementor-element-0ec590f\" data-id=\"0ec590f\" data-element_type=\"column\" data-e-type=\"column\">\n\t\t\t<div class=\"elementor-widget-wrap elementor-element-populated\">\n\t\t\t\t\t\t<div class=\"elementor-element elementor-element-5a9f6a2 elementor-widget elementor-widget-aliothsingleimage\" data-id=\"5a9f6a2\" data-element_type=\"widget\" data-e-type=\"widget\" data-widget_type=\"aliothsingleimage.default\">\n\t\t\t\t<div class=\"elementor-widget-container\">\n\t\t\t\t\t\n<!--Single Image-->\n<div  class=\"single-image center\">\n\n    \n    <img data-recalc-dims=\"1\" decoding=\"async\" class=\"has-anim\" data-animation=\"slideRight\" data-duration=\"0.8\" data-delay=\"0\" data-color=\"\" alt=\"dise\u00f1o de cafeterias, dise\u00f1o cafeteria quito, dise\u00f1o cafeteria ecuador\" src=\"https:\/\/i0.wp.com\/ficto.com.ec\/ficto\/wp-content\/uploads\/2021\/01\/palatu_web03.jpg?w=640\">\n\n    \n<\/div>\n<!--\/Single Image-->\n\n\n\t\t\t\t<\/div>\n\t\t\t\t<\/div>\n\t\t\t\t\t<\/div>\n\t\t<\/div>\n\t\t\t\t\t<\/div>\n\t\t<\/section>\n\t\t\t\t<section class=\"elementor-section elementor-top-section elementor-element elementor-element-718fc0d wrapper-wide elementor-section-boxed elementor-section-height-default elementor-section-height-default\" data-id=\"718fc0d\" data-element_type=\"section\" data-e-type=\"section\">\n\t\t\t\t\t\t<div class=\"elementor-container elementor-column-gap-default\">\n\t\t\t\t\t<div class=\"elementor-column elementor-col-25 elementor-top-column elementor-element elementor-element-d8383d8\" data-id=\"d8383d8\" data-element_type=\"column\" data-e-type=\"column\">\n\t\t\t<div class=\"elementor-widget-wrap\">\n\t\t\t\t\t\t\t<\/div>\n\t\t<\/div>\n\t\t\t\t<div class=\"elementor-column elementor-col-50 elementor-top-column elementor-element elementor-element-7bf1066\" data-id=\"7bf1066\" data-element_type=\"column\" data-e-type=\"column\">\n\t\t\t<div class=\"elementor-widget-wrap elementor-element-populated\">\n\t\t\t\t\t\t<div class=\"elementor-element elementor-element-40fb349 elementor-widget elementor-widget-video\" data-id=\"40fb349\" data-element_type=\"widget\" data-e-type=\"widget\" data-settings=\"{&quot;video_type&quot;:&quot;hosted&quot;,&quot;autoplay&quot;:&quot;yes&quot;,&quot;play_on_mobile&quot;:&quot;yes&quot;,&quot;mute&quot;:&quot;yes&quot;,&quot;loop&quot;:&quot;yes&quot;,&quot;controls&quot;:&quot;yes&quot;}\" data-widget_type=\"video.default\">\n\t\t\t\t<div class=\"elementor-widget-container\">\n\t\t\t\t\t\t\t<div class=\"e-hosted-video elementor-wrapper elementor-open-inline\">\n\t\t\t\t\t<video class=\"elementor-video\" src=\"http:\/\/ficto.com.ec\/ficto\/wp-content\/uploads\/2021\/01\/palatu_workinprogess.mov\" autoplay=\"\" loop=\"\" controls=\"\" muted=\"muted\" playsinline=\"\" controlsList=\"nodownload\" poster=\"http:\/\/ficto.com.ec\/ficto\/wp-content\/uploads\/2021\/01\/palatu_workinprogess.jpg\"><\/video>\n\t\t\t\t<\/div>\n\t\t\t\t\t\t<\/div>\n\t\t\t\t<\/div>\n\t\t\t\t\t<\/div>\n\t\t<\/div>\n\t\t\t\t<div class=\"elementor-column elementor-col-25 elementor-top-column elementor-element elementor-element-1a2ab26\" data-id=\"1a2ab26\" data-element_type=\"column\" data-e-type=\"column\">\n\t\t\t<div class=\"elementor-widget-wrap\">\n\t\t\t\t\t\t\t<\/div>\n\t\t<\/div>\n\t\t\t\t\t<\/div>\n\t\t<\/section>\n\t\t\t\t<section class=\"elementor-section elementor-top-section elementor-element elementor-element-c942fa7 wrapper-wide elementor-section-boxed elementor-section-height-default elementor-section-height-default\" data-id=\"c942fa7\" data-element_type=\"section\" data-e-type=\"section\">\n\t\t\t\t\t\t<div class=\"elementor-container elementor-column-gap-default\">\n\t\t\t\t\t<div class=\"elementor-column elementor-col-100 elementor-top-column elementor-element elementor-element-2f4dbb4\" data-id=\"2f4dbb4\" data-element_type=\"column\" data-e-type=\"column\">\n\t\t\t<div class=\"elementor-widget-wrap elementor-element-populated\">\n\t\t\t\t\t\t<div class=\"elementor-element elementor-element-1fff006 elementor-widget elementor-widget-aliothsingleimage\" data-id=\"1fff006\" data-element_type=\"widget\" data-e-type=\"widget\" data-widget_type=\"aliothsingleimage.default\">\n\t\t\t\t<div class=\"elementor-widget-container\">\n\t\t\t\t\t\n<!--Single Image-->\n<div  class=\"single-image center\">\n\n    \n    <img data-recalc-dims=\"1\" decoding=\"async\" class=\"has-anim\" data-animation=\"slideUp\" data-duration=\"1.5\" data-delay=\"0\" data-color=\"\" alt=\"dise\u00f1o de cafeterias, dise\u00f1o cafeteria quito, dise\u00f1o cafeteria ecuador\" src=\"https:\/\/i0.wp.com\/ficto.com.ec\/ficto\/wp-content\/uploads\/2021\/01\/palatu_web02.jpg?w=640\">\n\n    \n<\/div>\n<!--\/Single Image-->\n\n\n\t\t\t\t<\/div>\n\t\t\t\t<\/div>\n\t\t\t\t\t<\/div>\n\t\t<\/div>\n\t\t\t\t\t<\/div>\n\t\t<\/section>\n\t\t\t\t<section class=\"elementor-section elementor-top-section elementor-element elementor-element-6f7da10 wrapper-smaller elementor-section-boxed elementor-section-height-default elementor-section-height-default\" data-id=\"6f7da10\" data-element_type=\"section\" data-e-type=\"section\">\n\t\t\t\t\t\t<div class=\"elementor-container elementor-column-gap-default\">\n\t\t\t\t\t<div class=\"elementor-column elementor-col-33 elementor-top-column elementor-element elementor-element-62dcf1b\" data-id=\"62dcf1b\" data-element_type=\"column\" data-e-type=\"column\">\n\t\t\t<div class=\"elementor-widget-wrap elementor-element-populated\">\n\t\t\t\t\t\t<div class=\"elementor-element elementor-element-71b27a0 elementor-widget elementor-widget-image\" data-id=\"71b27a0\" data-element_type=\"widget\" data-e-type=\"widget\" data-widget_type=\"image.default\">\n\t\t\t\t<div class=\"elementor-widget-container\">\n\t\t\t\t\t\t\t\t\t\t\t\t\t\t\t<img fetchpriority=\"high\" decoding=\"async\" width=\"576\" height=\"1024\" src=\"https:\/\/i0.wp.com\/ficto.com.ec\/ficto\/wp-content\/uploads\/2021\/01\/IMG_6538.png?fit=576%2C1024\" class=\"attachment-large size-large wp-image-8373\" alt=\"Dise\u00f1o de cafeterias, ficto, dise\u00f1o interior, cafe de especialidad quito, dise\u00f1o industrial, dise\u00f1o locales comida rapida, dise\u00f1o de cafeterias, cafeterias quito\" srcset=\"https:\/\/i0.wp.com\/ficto.com.ec\/ficto\/wp-content\/uploads\/2021\/01\/IMG_6538.png?w=750 750w, https:\/\/i0.wp.com\/ficto.com.ec\/ficto\/wp-content\/uploads\/2021\/01\/IMG_6538.png?resize=169%2C300 169w, https:\/\/i0.wp.com\/ficto.com.ec\/ficto\/wp-content\/uploads\/2021\/01\/IMG_6538.png?resize=576%2C1024 576w, https:\/\/i0.wp.com\/ficto.com.ec\/ficto\/wp-content\/uploads\/2021\/01\/IMG_6538.png?resize=150%2C267 150w, https:\/\/i0.wp.com\/ficto.com.ec\/ficto\/wp-content\/uploads\/2021\/01\/IMG_6538.png?resize=300%2C534 300w\" sizes=\"(max-width: 576px) 100vw, 576px\" \/>\t\t\t\t\t\t\t\t\t\t\t\t\t\t\t<\/div>\n\t\t\t\t<\/div>\n\t\t\t\t\t<\/div>\n\t\t<\/div>\n\t\t\t\t<div class=\"elementor-column elementor-col-66 elementor-top-column elementor-element elementor-element-6c4835d\" data-id=\"6c4835d\" data-element_type=\"column\" data-e-type=\"column\">\n\t\t\t<div class=\"elementor-widget-wrap elementor-element-populated\">\n\t\t\t\t\t\t<div class=\"elementor-element elementor-element-e552cf0 elementor-widget elementor-widget-aliothtextwrapper\" data-id=\"e552cf0\" data-element_type=\"widget\" data-e-type=\"widget\" data-widget_type=\"aliothtextwrapper.default\">\n\t\t\t\t<div class=\"elementor-widget-container\">\n\t\t\t\t\t\n\n<div class=\"text-wrapper align-left\">\n\n    <h5 >Gracias a todo el proceso que implica tener un caf\u00e9 de especialidad en Quito, cada taza de caf\u00e9 se convierte en una experiencia sensorial que transporta a los clientes a probar y comprender nuevos sabores. La fusi\u00f3n entre el caf\u00e9 de Ecuador y el esp\u00edritu neoyorquino, que muchos visitantes han notado, ha sido un \u00e9xito indiscutible, atrayendo a una clientela diversa y apasionada. Aqu\u00ed, el caf\u00e9 se convierte en el hilo conductor que une a personas con distintos gustos y pasiones en un mismo lugar. Un spot en donde el sabor, la m\u00fasica y el arte se entrelazan.<\/h5>\n<\/div>\n\n\n\t\t\t\t<\/div>\n\t\t\t\t<\/div>\n\t\t\t\t<div class=\"elementor-element elementor-element-0235160 elementor-widget elementor-widget-aliothtextwrapper\" data-id=\"0235160\" data-element_type=\"widget\" data-e-type=\"widget\" data-widget_type=\"aliothtextwrapper.default\">\n\t\t\t\t<div class=\"elementor-widget-container\">\n\t\t\t\t\t\n\n<div class=\"text-wrapper align-left\">\n\n    <h5 >El perfil de Instagram de Palatu:\n<\/h5>\n<\/div>\n\n\n\t\t\t\t<\/div>\n\t\t\t\t<\/div>\n\t\t\t\t<div class=\"elementor-element elementor-element-61d66ad elementor-widget__width-initial elementor-widget elementor-widget-aliothbutton\" data-id=\"61d66ad\" data-element_type=\"widget\" data-e-type=\"widget\" data-widget_type=\"aliothbutton.default\">\n\t\t\t\t<div class=\"elementor-widget-container\">\n\t\t\t\t\t\n<!--Button-->\n<div class=\"alioth-button align-left button-classic dark\">\n\n    <div class=\"a-button style_1 light\">\n\n        <!--Button URL-->\n        <a href=\"https:\/\/www.instagram.com\/palatucoffee\/\">Instagram Palatu\n            <!--Button Icon-->\n            <i aria-hidden=\"true\" class=\"far fa-paper-plane\"><\/i>            <!--\/Button Icon-->\n\n        <\/a>\n        <!--\/Button URL-->\n\n    <\/div>\n\n<\/div>\n    <!--\/Button-->\n\n\t\t\t\t<\/div>\n\t\t\t\t<\/div>\n\t\t\t\t<div class=\"elementor-element elementor-element-0426390 elementor-widget elementor-widget-aliothtextwrapper\" data-id=\"0426390\" data-element_type=\"widget\" data-e-type=\"widget\" data-widget_type=\"aliothtextwrapper.default\">\n\t\t\t\t<div class=\"elementor-widget-container\">\n\t\t\t\t\t\n\n<div class=\"text-wrapper align-left\">\n\n    <h5 >En medio del \"lockdown\" por el COVID-19. Nos dimos cuenta que nos hacen espacios para disfrutar de un trago dentro de casa. Por ello hicimos este espacio para CASAS PROJECT 2021<\/h5>\n<\/div>\n\n\n\t\t\t\t<\/div>\n\t\t\t\t<\/div>\n\t\t\t\t<div class=\"elementor-element elementor-element-2ce9923 elementor-widget__width-initial elementor-widget elementor-widget-aliothbutton\" data-id=\"2ce9923\" data-element_type=\"widget\" data-e-type=\"widget\" data-widget_type=\"aliothbutton.default\">\n\t\t\t\t<div class=\"elementor-widget-container\">\n\t\t\t\t\t\n<!--Button-->\n<div class=\"alioth-button align-left button-classic dark\">\n\n    <div class=\"a-button style_1 light\">\n\n        <!--Button URL-->\n        <a href=\"http:\/\/ficto.com.ec\/ficto\/portfolio\/mancave\/\">Whisky Room, Casas Project 2021\n            <!--Button Icon-->\n            <i aria-hidden=\"true\" class=\"far fa-hand-point-right\"><\/i>            <!--\/Button Icon-->\n\n        <\/a>\n        <!--\/Button URL-->\n\n    <\/div>\n\n<\/div>\n    <!--\/Button-->\n\n\t\t\t\t<\/div>\n\t\t\t\t<\/div>\n\t\t\t\t\t<\/div>\n\t\t<\/div>\n\t\t\t\t\t<\/div>\n\t\t<\/section>\n\t\t\t\t<\/div>\n\t\t","protected":false},"featured_media":1513,"template":"","meta":{"_acf_changed":false,"nf_dc_page":"","om_disable_all_campaigns":false,"_monsterinsights_skip_tracking":false,"_monsterinsights_sitenote_active":false,"_monsterinsights_sitenote_note":"","_monsterinsights_sitenote_category":0,"_joinchat":[],"footnotes":""},"project-categories":[105],"class_list":["post-1512","portfolio","type-portfolio","status-publish","has-post-thumbnail","hentry","project-categories-diseno-de-restaurantes"],"acf":[],"yoast_head":"<!-- This site is optimized with the Yoast SEO plugin v27.5 - https:\/\/yoast.com\/product\/yoast-seo-wordpress\/ -->\n<title>Palatu. Dise\u00f1o de cafeter\u00eda y Coffee Spot en Quito - Ficto<\/title>\n<meta name=\"description\" content=\"El caf\u00e9 de especialidad se va ganando un puesto en las preferencias de la ciudad, este proyecto nos llevo al dise\u00f1o de la cafeter\u00eda Palatu\" \/>\n<meta name=\"robots\" content=\"index, follow, max-snippet:-1, max-image-preview:large, max-video-preview:-1\" \/>\n<link rel=\"canonical\" href=\"http:\/\/ficto.com.ec\/ficto\/portfolio\/palatu-diseno-de-cafeteria\/\" \/>\n<meta property=\"og:locale\" content=\"en_US\" \/>\n<meta property=\"og:type\" content=\"article\" \/>\n<meta property=\"og:title\" content=\"Palatu. Dise\u00f1o de cafeter\u00eda y Coffee Spot en Quito - Ficto\" \/>\n<meta property=\"og:description\" content=\"El caf\u00e9 de especialidad se va ganando un puesto en las preferencias de la ciudad, este proyecto nos llevo al dise\u00f1o de la cafeter\u00eda Palatu\" \/>\n<meta property=\"og:url\" content=\"http:\/\/ficto.com.ec\/ficto\/portfolio\/palatu-diseno-de-cafeteria\/\" \/>\n<meta property=\"og:site_name\" content=\"Ficto\" \/>\n<meta property=\"article:publisher\" content=\"https:\/\/www.facebook.com\/fictoec\/\" \/>\n<meta property=\"article:modified_time\" content=\"2025-04-12T20:56:00+00:00\" \/>\n<meta property=\"og:image\" content=\"https:\/\/i0.wp.com\/ficto.com.ec\/ficto\/wp-content\/uploads\/2021\/01\/ficto_palatuportada.jpg?fit=1280%2C854\" \/>\n\t<meta property=\"og:image:width\" content=\"1280\" \/>\n\t<meta property=\"og:image:height\" content=\"854\" \/>\n\t<meta property=\"og:image:type\" content=\"image\/jpeg\" \/>\n<meta name=\"twitter:card\" content=\"summary_large_image\" \/>\n<meta name=\"twitter:site\" content=\"@fictoec\" \/>\n<meta name=\"twitter:label1\" content=\"Est. reading time\" \/>\n\t<meta name=\"twitter:data1\" content=\"5 minutes\" \/>\n<script type=\"application\/ld+json\" class=\"yoast-schema-graph\">{\"@context\":\"https:\\\/\\\/schema.org\",\"@graph\":[{\"@type\":\"WebPage\",\"@id\":\"http:\\\/\\\/ficto.com.ec\\\/ficto\\\/portfolio\\\/palatu-diseno-de-cafeteria\\\/\",\"url\":\"http:\\\/\\\/ficto.com.ec\\\/ficto\\\/portfolio\\\/palatu-diseno-de-cafeteria\\\/\",\"name\":\"Palatu. Dise\u00f1o de cafeter\u00eda y Coffee Spot en Quito - Ficto\",\"isPartOf\":{\"@id\":\"http:\\\/\\\/ficto.com.ec\\\/ficto\\\/#website\"},\"primaryImageOfPage\":{\"@id\":\"http:\\\/\\\/ficto.com.ec\\\/ficto\\\/portfolio\\\/palatu-diseno-de-cafeteria\\\/#primaryimage\"},\"image\":{\"@id\":\"http:\\\/\\\/ficto.com.ec\\\/ficto\\\/portfolio\\\/palatu-diseno-de-cafeteria\\\/#primaryimage\"},\"thumbnailUrl\":\"https:\\\/\\\/i0.wp.com\\\/ficto.com.ec\\\/ficto\\\/wp-content\\\/uploads\\\/2021\\\/01\\\/ficto_palatuportada.jpg?fit=1280%2C854\",\"datePublished\":\"2021-01-16T01:28:56+00:00\",\"dateModified\":\"2025-04-12T20:56:00+00:00\",\"description\":\"El caf\u00e9 de especialidad se va ganando un puesto en las preferencias de la ciudad, este proyecto nos llevo al dise\u00f1o de la cafeter\u00eda Palatu\",\"breadcrumb\":{\"@id\":\"http:\\\/\\\/ficto.com.ec\\\/ficto\\\/portfolio\\\/palatu-diseno-de-cafeteria\\\/#breadcrumb\"},\"inLanguage\":\"en-US\",\"potentialAction\":[{\"@type\":\"ReadAction\",\"target\":[\"http:\\\/\\\/ficto.com.ec\\\/ficto\\\/portfolio\\\/palatu-diseno-de-cafeteria\\\/\"]}]},{\"@type\":\"ImageObject\",\"inLanguage\":\"en-US\",\"@id\":\"http:\\\/\\\/ficto.com.ec\\\/ficto\\\/portfolio\\\/palatu-diseno-de-cafeteria\\\/#primaryimage\",\"url\":\"https:\\\/\\\/i0.wp.com\\\/ficto.com.ec\\\/ficto\\\/wp-content\\\/uploads\\\/2021\\\/01\\\/ficto_palatuportada.jpg?fit=1280%2C854\",\"contentUrl\":\"https:\\\/\\\/i0.wp.com\\\/ficto.com.ec\\\/ficto\\\/wp-content\\\/uploads\\\/2021\\\/01\\\/ficto_palatuportada.jpg?fit=1280%2C854\",\"width\":1280,\"height\":854,\"caption\":\"dise\u00f1o de cafeter\u00eda, dise\u00f1o de cafeter\u00edas, palatu, palatu coffee spot, coffee shop design, Ficto, Paul Astudillo, Lucho Vallejo\"},{\"@type\":\"BreadcrumbList\",\"@id\":\"http:\\\/\\\/ficto.com.ec\\\/ficto\\\/portfolio\\\/palatu-diseno-de-cafeteria\\\/#breadcrumb\",\"itemListElement\":[{\"@type\":\"ListItem\",\"position\":1,\"name\":\"Home\",\"item\":\"http:\\\/\\\/ficto.com.ec\\\/ficto\\\/\"},{\"@type\":\"ListItem\",\"position\":2,\"name\":\"Portfolio\",\"item\":\"http:\\\/\\\/ficto.com.ec\\\/ficto\\\/portfolio\\\/\"},{\"@type\":\"ListItem\",\"position\":3,\"name\":\"Palatu. Dise\u00f1o de cafeter\u00eda\"}]},{\"@type\":\"WebSite\",\"@id\":\"http:\\\/\\\/ficto.com.ec\\\/ficto\\\/#website\",\"url\":\"http:\\\/\\\/ficto.com.ec\\\/ficto\\\/\",\"name\":\"Ficto. Dise\u00f1o Industrial Ecuador\",\"description\":\"\",\"publisher\":{\"@id\":\"http:\\\/\\\/ficto.com.ec\\\/ficto\\\/#organization\"},\"potentialAction\":[{\"@type\":\"SearchAction\",\"target\":{\"@type\":\"EntryPoint\",\"urlTemplate\":\"http:\\\/\\\/ficto.com.ec\\\/ficto\\\/?s={search_term_string}\"},\"query-input\":{\"@type\":\"PropertyValueSpecification\",\"valueRequired\":true,\"valueName\":\"search_term_string\"}}],\"inLanguage\":\"en-US\"},{\"@type\":\"Organization\",\"@id\":\"http:\\\/\\\/ficto.com.ec\\\/ficto\\\/#organization\",\"name\":\"Ficto\",\"url\":\"http:\\\/\\\/ficto.com.ec\\\/ficto\\\/\",\"logo\":{\"@type\":\"ImageObject\",\"inLanguage\":\"en-US\",\"@id\":\"http:\\\/\\\/ficto.com.ec\\\/ficto\\\/#\\\/schema\\\/logo\\\/image\\\/\",\"url\":\"https:\\\/\\\/i0.wp.com\\\/ficto.com.ec\\\/ficto\\\/wp-content\\\/uploads\\\/2019\\\/02\\\/ficto_logo_pagina.png?fit=263%2C300\",\"contentUrl\":\"https:\\\/\\\/i0.wp.com\\\/ficto.com.ec\\\/ficto\\\/wp-content\\\/uploads\\\/2019\\\/02\\\/ficto_logo_pagina.png?fit=263%2C300\",\"width\":263,\"height\":300,\"caption\":\"Ficto\"},\"image\":{\"@id\":\"http:\\\/\\\/ficto.com.ec\\\/ficto\\\/#\\\/schema\\\/logo\\\/image\\\/\"},\"sameAs\":[\"https:\\\/\\\/www.facebook.com\\\/fictoec\\\/\",\"https:\\\/\\\/x.com\\\/fictoec\",\"https:\\\/\\\/www.instagram.com\\\/fictoec\"]}]}<\/script>\n<!-- \/ Yoast SEO plugin. -->","yoast_head_json":{"title":"Palatu. Dise\u00f1o de cafeter\u00eda y Coffee Spot en Quito - Ficto","description":"El caf\u00e9 de especialidad se va ganando un puesto en las preferencias de la ciudad, este proyecto nos llevo al dise\u00f1o de la cafeter\u00eda Palatu","robots":{"index":"index","follow":"follow","max-snippet":"max-snippet:-1","max-image-preview":"max-image-preview:large","max-video-preview":"max-video-preview:-1"},"canonical":"http:\/\/ficto.com.ec\/ficto\/portfolio\/palatu-diseno-de-cafeteria\/","og_locale":"en_US","og_type":"article","og_title":"Palatu. Dise\u00f1o de cafeter\u00eda y Coffee Spot en Quito - Ficto","og_description":"El caf\u00e9 de especialidad se va ganando un puesto en las preferencias de la ciudad, este proyecto nos llevo al dise\u00f1o de la cafeter\u00eda Palatu","og_url":"http:\/\/ficto.com.ec\/ficto\/portfolio\/palatu-diseno-de-cafeteria\/","og_site_name":"Ficto","article_publisher":"https:\/\/www.facebook.com\/fictoec\/","article_modified_time":"2025-04-12T20:56:00+00:00","og_image":[{"width":1280,"height":854,"url":"https:\/\/i0.wp.com\/ficto.com.ec\/ficto\/wp-content\/uploads\/2021\/01\/ficto_palatuportada.jpg?fit=1280%2C854","type":"image\/jpeg"}],"twitter_card":"summary_large_image","twitter_site":"@fictoec","twitter_misc":{"Est. reading time":"5 minutes"},"schema":{"@context":"https:\/\/schema.org","@graph":[{"@type":"WebPage","@id":"http:\/\/ficto.com.ec\/ficto\/portfolio\/palatu-diseno-de-cafeteria\/","url":"http:\/\/ficto.com.ec\/ficto\/portfolio\/palatu-diseno-de-cafeteria\/","name":"Palatu. Dise\u00f1o de cafeter\u00eda y Coffee Spot en Quito - Ficto","isPartOf":{"@id":"http:\/\/ficto.com.ec\/ficto\/#website"},"primaryImageOfPage":{"@id":"http:\/\/ficto.com.ec\/ficto\/portfolio\/palatu-diseno-de-cafeteria\/#primaryimage"},"image":{"@id":"http:\/\/ficto.com.ec\/ficto\/portfolio\/palatu-diseno-de-cafeteria\/#primaryimage"},"thumbnailUrl":"https:\/\/i0.wp.com\/ficto.com.ec\/ficto\/wp-content\/uploads\/2021\/01\/ficto_palatuportada.jpg?fit=1280%2C854","datePublished":"2021-01-16T01:28:56+00:00","dateModified":"2025-04-12T20:56:00+00:00","description":"El caf\u00e9 de especialidad se va ganando un puesto en las preferencias de la ciudad, este proyecto nos llevo al dise\u00f1o de la cafeter\u00eda Palatu","breadcrumb":{"@id":"http:\/\/ficto.com.ec\/ficto\/portfolio\/palatu-diseno-de-cafeteria\/#breadcrumb"},"inLanguage":"en-US","potentialAction":[{"@type":"ReadAction","target":["http:\/\/ficto.com.ec\/ficto\/portfolio\/palatu-diseno-de-cafeteria\/"]}]},{"@type":"ImageObject","inLanguage":"en-US","@id":"http:\/\/ficto.com.ec\/ficto\/portfolio\/palatu-diseno-de-cafeteria\/#primaryimage","url":"https:\/\/i0.wp.com\/ficto.com.ec\/ficto\/wp-content\/uploads\/2021\/01\/ficto_palatuportada.jpg?fit=1280%2C854","contentUrl":"https:\/\/i0.wp.com\/ficto.com.ec\/ficto\/wp-content\/uploads\/2021\/01\/ficto_palatuportada.jpg?fit=1280%2C854","width":1280,"height":854,"caption":"dise\u00f1o de cafeter\u00eda, dise\u00f1o de cafeter\u00edas, palatu, palatu coffee spot, coffee shop design, Ficto, Paul Astudillo, Lucho Vallejo"},{"@type":"BreadcrumbList","@id":"http:\/\/ficto.com.ec\/ficto\/portfolio\/palatu-diseno-de-cafeteria\/#breadcrumb","itemListElement":[{"@type":"ListItem","position":1,"name":"Home","item":"http:\/\/ficto.com.ec\/ficto\/"},{"@type":"ListItem","position":2,"name":"Portfolio","item":"http:\/\/ficto.com.ec\/ficto\/portfolio\/"},{"@type":"ListItem","position":3,"name":"Palatu. Dise\u00f1o de cafeter\u00eda"}]},{"@type":"WebSite","@id":"http:\/\/ficto.com.ec\/ficto\/#website","url":"http:\/\/ficto.com.ec\/ficto\/","name":"Ficto. Dise\u00f1o Industrial Ecuador","description":"","publisher":{"@id":"http:\/\/ficto.com.ec\/ficto\/#organization"},"potentialAction":[{"@type":"SearchAction","target":{"@type":"EntryPoint","urlTemplate":"http:\/\/ficto.com.ec\/ficto\/?s={search_term_string}"},"query-input":{"@type":"PropertyValueSpecification","valueRequired":true,"valueName":"search_term_string"}}],"inLanguage":"en-US"},{"@type":"Organization","@id":"http:\/\/ficto.com.ec\/ficto\/#organization","name":"Ficto","url":"http:\/\/ficto.com.ec\/ficto\/","logo":{"@type":"ImageObject","inLanguage":"en-US","@id":"http:\/\/ficto.com.ec\/ficto\/#\/schema\/logo\/image\/","url":"https:\/\/i0.wp.com\/ficto.com.ec\/ficto\/wp-content\/uploads\/2019\/02\/ficto_logo_pagina.png?fit=263%2C300","contentUrl":"https:\/\/i0.wp.com\/ficto.com.ec\/ficto\/wp-content\/uploads\/2019\/02\/ficto_logo_pagina.png?fit=263%2C300","width":263,"height":300,"caption":"Ficto"},"image":{"@id":"http:\/\/ficto.com.ec\/ficto\/#\/schema\/logo\/image\/"},"sameAs":["https:\/\/www.facebook.com\/fictoec\/","https:\/\/x.com\/fictoec","https:\/\/www.instagram.com\/fictoec"]}]}},"jetpack_sharing_enabled":true,"_links":{"self":[{"href":"http:\/\/ficto.com.ec\/ficto\/wp-json\/wp\/v2\/portfolio\/1512","targetHints":{"allow":["GET"]}}],"collection":[{"href":"http:\/\/ficto.com.ec\/ficto\/wp-json\/wp\/v2\/portfolio"}],"about":[{"href":"http:\/\/ficto.com.ec\/ficto\/wp-json\/wp\/v2\/types\/portfolio"}],"version-history":[{"count":5,"href":"http:\/\/ficto.com.ec\/ficto\/wp-json\/wp\/v2\/portfolio\/1512\/revisions"}],"predecessor-version":[{"id":10979,"href":"http:\/\/ficto.com.ec\/ficto\/wp-json\/wp\/v2\/portfolio\/1512\/revisions\/10979"}],"wp:featuredmedia":[{"embeddable":true,"href":"http:\/\/ficto.com.ec\/ficto\/wp-json\/wp\/v2\/media\/1513"}],"wp:attachment":[{"href":"http:\/\/ficto.com.ec\/ficto\/wp-json\/wp\/v2\/media?parent=1512"}],"wp:term":[{"taxonomy":"project-categories","embeddable":true,"href":"http:\/\/ficto.com.ec\/ficto\/wp-json\/wp\/v2\/project-categories?post=1512"}],"curies":[{"name":"wp","href":"https:\/\/api.w.org\/{rel}","templated":true}]}}